{"id":932,"date":"2025-12-14T16:27:44","date_gmt":"2025-12-14T16:27:44","guid":{"rendered":"https:\/\/impuls-akademie.org\/?post_type=person&#038;p=932"},"modified":"2026-01-29T14:28:09","modified_gmt":"2026-01-29T14:28:09","slug":"trainerin-von-maiz","status":"publish","type":"person","link":"https:\/\/impuls-akademie.org\/en\/person\/trainerin-von-maiz\/","title":{"rendered":"Martyna Lorenc\u2028"},"content":{"rendered":"<p>Martyna Lorenc\u2028 (Marty\/sie) arbeitet f\u00fcr maiz &#8211; das autonome Zentrum von und f\u00fcr MigrantInnen. Marty bewegt sich an der Schnittstelle k\u00fcnstlerischer, p\u00e4dagogischer, sozialer und politischer Arbeit als darstellende K\u00fcnstlerin, P\u00e4dagogin und Koordinatorin. Sie arbeitete viele Jahre als T\u00e4nzerin und Performerin mit verschiedenen K\u00fcnstler*innen der freien Szene und entwickelte parallel eigene Projekte. In ihrer k\u00fcnstlerischen Praxis erforscht Marty Somatik und Imagination als poetische und widerstandsf\u00e4hige Dimensionen des Lebens sowie als Handlungsfelder gesellschaftlicher Transformation. Ihre Projekte entstehen meist kollektiv und in selbstorganisierten Kontexten.\u00a0<\/p>\n\n\n\n<p>Seit 2018 ist Marty Teil des LAB ON STAGE Kollektivs und gr\u00fcndete 2024 das fem*voice kollektiv mit.\u00a0Seit 2020 ist Marty bei maiz \u2013 Autonomes Zentrum f\u00fcr und von Migrantinnen \u2013 an der Konzeption, Organisation und p\u00e4dagogische Begleitung von Jugendprojekten mit den Schwerpunkten Antidiskriminierung, Gewaltpr\u00e4vention und Gleichberechtigung mit Einsatz k\u00fcnstlerischer Methoden beteiligt.\u00a0<\/p>\n\n\n\n<p>In den letzten Jahren leitet Marty als\u00a0Facilitator\u00a0Workshops und Gruppenaktivit\u00e4ten in verschiedenen Kontexten, die tanz- und theaterp\u00e4dagogische, k\u00f6rper- und imaginationszentrierte Methoden sowie Ans\u00e4tze im Bezug auf antihierarchische und antidiskriminatorische Raumgestaltung einbeziehen.<\/p>","protected":false},"featured_media":1057,"template":"","meta":{"_acf_changed":false},"class_list":["post-932","person","type-person","status-publish","has-post-thumbnail","hentry"],"acf":[],"_links":{"self":[{"href":"https:\/\/impuls-akademie.org\/en\/wp-json\/wp\/v2\/person\/932","targetHints":{"allow":["GET"]}}],"collection":[{"href":"https:\/\/impuls-akademie.org\/en\/wp-json\/wp\/v2\/person"}],"about":[{"href":"https:\/\/impuls-akademie.org\/en\/wp-json\/wp\/v2\/types\/person"}],"wp:featuredmedia":[{"embeddable":true,"href":"https:\/\/impuls-akademie.org\/en\/wp-json\/wp\/v2\/media\/1057"}],"wp:attachment":[{"href":"https:\/\/impuls-akademie.org\/en\/wp-json\/wp\/v2\/media?parent=932"}],"curies":[{"name":"wp","href":"https:\/\/api.w.org\/{rel}","templated":true}]}}